{"id":29,"date":"2021-05-08T22:47:01","date_gmt":"2021-05-08T22:47:01","guid":{"rendered":"https:\/\/www.posadalapastora.com\/sitio\/?page_id=29"},"modified":"2025-01-27T13:49:38","modified_gmt":"2025-01-27T13:49:38","slug":"tarifas","status":"publish","type":"page","link":"https:\/\/www.posadalapastora.com\/sitio\/tarifas\/","title":{"rendered":"Tarifas"},"content":{"rendered":"<p>[et_pb_section fb_built=\u00bb1&#8243; _builder_version=\u00bb4.16&#8243; _module_preset=\u00bbdefault\u00bb global_colors_info=\u00bb{}\u00bb][et_pb_row column_structure=\u00bb1_6,1_6,1_6,1_6,1_6,1_6&#8243; _builder_version=\u00bb4.24.2&#8243; _module_preset=\u00bbdefault\u00bb global_colors_info=\u00bb{}\u00bb][et_pb_column type=\u00bb1_6&#8243; _builder_version=\u00bb4.16&#8243; _module_preset=\u00bbdefault\u00bb global_colors_info=\u00bb{}\u00bb][\/et_pb_column][et_pb_column _builder_version=\u00bb4.24.2&#8243; _module_preset=\u00bbdefault\u00bb type=\u00bb1_6&#8243;][et_pb_pricing_tables featured_table_header_background_color=\u00bb#E02B20&#8243; featured_table_header_text_color=\u00bb#E09900&#8243; header_background_color=\u00bb#304f00&#8243; featured_table_subheader_text_color=\u00bb#7CDA24&#8243; bullet_color=\u00bb#E09900&#8243; featured_table_currency_frequency_text_color=\u00bb#7CDA24&#8243; _builder_version=\u00bb4.16&#8243; _module_preset=\u00bbdefault\u00bb currency_frequency_text_color=\u00bb#000000&#8243; header_text_color=\u00bb#E09900&#8243; text_shadow_style=\u00bbnone\u00bb global_colors_info=\u00bb{}\u00bb][et_pb_pricing_table title=\u00bb Matrimonial Premium\u00bb currency=\u00bb$\u00bb sum=\u00bb45&#8243; _builder_version=\u00bb4.24.2&#8243; _module_preset=\u00bbdefault\u00bb global_colors_info=\u00bb{}\u00bb sticky_transition=\u00bbon\u00bb]<\/p>\n<p><b>Preferida por ejecutivos. Cama Queen, nevera ejecutiva, aire acondicionado, tv led, agua caliente e\u00a0 internet, as\u00ed como estacionamiento privado las 24 horas.<\/b><\/p>\n<p><b>Desayuno 5$ C\/U<\/b><\/p>\n<p><b><\/b><\/p>\n<p>[\/et_pb_pricing_table][\/et_pb_pricing_tables][\/et_pb_column][et_pb_column type=\u00bb1_6&#8243; _builder_version=\u00bb4.24.2&#8243; _module_preset=\u00bbdefault\u00bb global_colors_info=\u00bb{}\u00bb][et_pb_pricing_tables featured_table_header_background_color=\u00bbRGBA(0,0,0,0)\u00bb header_background_color=\u00bb#304f00&#8243; bullet_color=\u00bb#E09900&#8243; _builder_version=\u00bb4.16&#8243; _module_preset=\u00bbdefault\u00bb header_text_color=\u00bb#E09900&#8243; text_shadow_style=\u00bbnone\u00bb global_colors_info=\u00bb{}\u00bb][et_pb_pricing_table title=\u00bbMatrimonial con Cama Adicional\u00bb currency=\u00bb$\u00bb sum=\u00bb55&#8243; _builder_version=\u00bb4.24.2&#8243; _module_preset=\u00bbdefault\u00bb global_colors_info=\u00bb{}\u00bb sticky_transition=\u00bbon\u00bb]<\/p>\n<p><b>Cama Queen y una cama individual, aire acondicionado, tv led, agua caliente, internet, as\u00ed como estacionamiento privado las 24 horas.<\/b><\/p>\n<p><b>Desayuno 5$ C\/U<\/b><\/p>\n<p>[\/et_pb_pricing_table][\/et_pb_pricing_tables][\/et_pb_column][et_pb_column type=\u00bb1_6&#8243; _builder_version=\u00bb4.16&#8243; _module_preset=\u00bbdefault\u00bb global_colors_info=\u00bb{}\u00bb][\/et_pb_column][et_pb_column _builder_version=\u00bb4.24.2&#8243; _module_preset=\u00bbdefault\u00bb type=\u00bb1_6&#8243;][et_pb_pricing_tables header_background_color=\u00bb#304f00&#8243; bullet_color=\u00bb#E09900&#8243; _builder_version=\u00bb4.16&#8243; _module_preset=\u00bbdefault\u00bb header_text_color=\u00bb#E09900&#8243; text_shadow_style=\u00bbnone\u00bb global_colors_info=\u00bb{}\u00bb width=\u00bb100%\u00bb][et_pb_pricing_table title=\u00bbDoble Individual\u00bb currency=\u00bb$\u00bb sum=\u00bb45&#8243; _builder_version=\u00bb4.16&#8243; _module_preset=\u00bbdefault\u00bb global_colors_info=\u00bb{}\u00bb sticky_transition=\u00bbon\u00bb]<\/p>\n<p><b>Dos camas individuales, aire acondicionado, tv led, agua caliente e internet. as\u00ed como estacionamiento privado las 24 horas.<\/b><\/p>\n<p><b>Desayuno 5$ C\/U<\/b><\/p>\n<p>[\/et_pb_pricing_table][\/et_pb_pricing_tables][\/et_pb_column][et_pb_column type=\u00bb1_6&#8243; _builder_version=\u00bb4.16&#8243; _module_preset=\u00bbdefault\u00bb global_colors_info=\u00bb{}\u00bb][et_pb_pricing_tables header_background_color=\u00bb#304f00&#8243; bullet_color=\u00bb#E09900&#8243; _builder_version=\u00bb4.24.2&#8243; _module_preset=\u00bbdefault\u00bb header_text_color=\u00bb#E09900&#8243; text_shadow_style=\u00bbnone\u00bb global_colors_info=\u00bb{}\u00bb][et_pb_pricing_table title=\u00bb Matrimonial Sencilla 1 px\u00bb currency=\u00bb$\u00bb sum=\u00bb40&#8243; _builder_version=\u00bb4.16&#8243; _module_preset=\u00bbdefault\u00bb global_colors_info=\u00bb{}\u00bb sticky_transition=\u00bbon\u00bb]<\/p>\n<p><b>Cama Queen. Cuenta tambi\u00e9n con aire acondicionado, tv led,agua caliente e internet, as\u00ed como estacionamiento privado las 24 horas.<\/b><\/p>\n<p><b>Desayuno 5$ C\/U<\/b><\/p>\n<p>[\/et_pb_pricing_table][\/et_pb_pricing_tables][\/et_pb_column][\/et_pb_row][et_pb_row _builder_version=\u00bb4.16&#8243; _module_preset=\u00bbdefault\u00bb background_color=\u00bb#E09900&#8243; global_colors_info=\u00bb{}\u00bb][et_pb_column type=\u00bb4_4&#8243; _builder_version=\u00bb4.16&#8243; _module_preset=\u00bbdefault\u00bb global_colors_info=\u00bb{}\u00bb][et_pb_text _builder_version=\u00bb4.16&#8243; _module_preset=\u00bbdefault\u00bb global_colors_info=\u00bb{}\u00bb]<\/p>\n<ul>\n<li style=\"text-align: left;\">\n<h4><strong><span style=\"color: #022d04;\">Formas de pago:<\/span><\/strong><\/h4>\n<p><strong><span style=\"color: #143502;\">Banco <span>Venezolano de Cr\u00e9dito.<\/span> <\/span><\/strong><\/p>\n<p><strong><span style=\"color: #143502;\">Cuenta n\u00famero: 0104-0060-11-0600122274<\/span><\/strong><\/p>\n<p><strong><span style=\"color: #143502;\">A nombre de: Posada La Pastora, C.A<\/span><\/strong><\/p>\n<p><strong><span style=\"color: #143502;\">Rif: J-40514939-6<\/span><\/strong><\/p>\n<p><strong><span style=\"color: #143502;\">Cancelaci\u00f3n de reservas:\u00a0Podemos cambiar la reservaci\u00f3n a\u00a0una nueva fecha para el alojamiento si se notifica la imposibilidad de asistir con un m\u00ednimo de 72 horas antes de la hora de check in.<\/span><\/strong><\/p>\n<\/li>\n<li style=\"text-align: left;\"><strong><span style=\"color: #143502;\"><\/span><\/strong>\n<p><span style=\"color: #123d06;\"><strong>Hora de Entrada<\/strong> (check in): 1<strong>:00 p.<\/strong><strong> m.\u00a0 \u00a0 \u00a0<\/strong><\/span><\/p>\n<\/li>\n<li style=\"text-align: left;\"><span style=\"color: #123d06;\"><strong><\/strong><\/span><strong style=\"color: #123d06; font-size: 14px;\">Hora de Salida<\/strong><span style=\"color: #123d06; font-size: 14px;\">\u00a0 (<\/span><span class=\"C-4\" style=\"color: #123d06; font-size: 14px;\">check out): <strong>12:00 \u00a0m.<\/strong><\/span><span style=\"font-size: 14px;\">\u00a0 \u00a0 \u00a0 \u00a0 \u00a0 \u00a0 \u00a0 \u00a0 \u00a0 \u00a0 \u00a0 \u00a0 \u00a0 \u00a0 \u00a0 \u00a0 \u00a0 \u00a0 \u00a0 \u00a0 \u00a0 \u00a0 \u00a0 \u00a0 \u00a0 \u00a0 \u00a0 \u00a0 \u00a0 \u00a0 \u00a0 \u00a0 \u00a0 \u00a0 \u00a0 \u00a0 \u00a0 \u00a0 \u00a0 \u00a0 \u00a0 \u00a0 \u00a0 \u00a0 \u00a0 \u00a0 \u00a0 \u00a0 \u00a0 \u00a0 \u00a0 \u00a0 \u00a0 \u00a0 \u00a0 \u00a0 \u00a0 \u00a0 \u00a0 \u00a0 \u00a0 \u00a0 \u00a0 \u00a0 \u00a0 \u00a0 \u00a0 \u00a0 \u00a0 \u00a0 \u00a0 \u00a0 \u00a0 \u00a0 \u00a0 \u00a0 \u00a0 \u00a0 \u00a0 \u00a0 \u00a0 \u00a0 \u00a0 \u00a0 \u00a0 \u00a0 \u00a0 \u00a0 \u00a0 \u00a0 \u00a0 \u00a0 \u00a0 \u00a0 \u00a0 \u00a0 \u00a0 \u00a0 \u00a0 \u00a0 \u00a0 \u00a0 \u00a0 \u00a0 \u00a0 \u00a0 \u00a0 \u00a0 \u00a0 \u00a0 \u00a0 \u00a0 \u00a0 \u00a0 \u00a0 \u00a0 \u00a0 \u00a0 \u00a0 \u00a0 \u00a0 \u00a0 \u00a0 \u00a0 \u00a0 \u00a0 \u00a0 \u00a0 \u00a0 \u00a0 \u00a0 \u00a0 \u00a0 \u00a0 \u00a0 \u00a0 \u00a0 \u00a0 \u00a0 \u00a0<\/span><\/li>\n<\/ul>\n<p>[\/et_pb_text][\/et_pb_column][\/et_pb_row][\/et_pb_section][et_pb_section fb_built=\u00bb1&#8243; fullwidth=\u00bbon\u00bb _builder_version=\u00bb4.16&#8243; _module_preset=\u00bbdefault\u00bb global_colors_info=\u00bb{}\u00bb][\/et_pb_section]<\/p>\n","protected":false},"excerpt":{"rendered":"<p>Preferida por ejecutivos. Cama Queen, nevera ejecutiva, aire acondicionado, tv led, agua caliente e\u00a0 internet, as\u00ed como estacionamiento privado las 24 horas. Desayuno 5$ C\/U Cama Queen y una cama individual, aire acondicionado, tv led, agua caliente, internet, as\u00ed como estacionamiento privado las 24 horas. Desayuno 5$ C\/UDos camas individuales, aire acondicionado, tv led, agua [&hellip;]<\/p>\n","protected":false},"author":1,"featured_media":0,"parent":0,"menu_order":0,"comment_status":"closed","ping_status":"closed","template":"","meta":{"_et_pb_use_builder":"on","_et_pb_old_content":"<!-- wp:divi\/placeholder \/-->","_et_gb_content_width":"","_joinchat":[],"footnotes":""},"class_list":["post-29","page","type-page","status-publish","hentry"],"yoast_head":"<!-- This site is optimized with the Yoast SEO plugin v27.5 - https:\/\/yoast.com\/product\/yoast-seo-wordpress\/ -->\n<title>Tarifas &#8902; Posada la Pastora - La posada de Valencia.<\/title>\n<meta name=\"description\" content=\"Posada la Pastora - La posada de Valencia. es una hermosa casona celosamente conservada, ubicada en el casco hist\u00f3rico de Valencia, estado Carabobo, Venezuela; con vista al cerro El Calvario. De f\u00e1cil acceso, cerca de importantes centros m\u00e9dicos de la ciudad, registros, notar\u00edas, as\u00ed como de sitios financieros, culturales y de esparcimiento.Bajo el celo de Marco Gretter, alma de esta propuesta tur\u00edstica-cultural, ha sido posible la preservaci\u00f3n de esta casa colonial con m\u00e1s de 200 a\u00f1os de construida. Sus c\u00e1lidos colores, su piso tipo mosaico, puertas y ventanas internas, muebles, obras de arte y abundante vegetaci\u00f3n brindan al visitante la agradable sensaci\u00f3n de estar en aquella \u00e9poca. %\" \/>\n<meta name=\"robots\" content=\"index, follow, max-snippet:-1, max-image-preview:large, max-video-preview:-1\" \/>\n<link rel=\"canonical\" href=\"https:\/\/www.posadalapastora.com\/sitio\/tarifas\/\" \/>\n<meta property=\"og:locale\" content=\"es_ES\" \/>\n<meta property=\"og:type\" content=\"article\" \/>\n<meta property=\"og:title\" content=\"Tarifas &#8902; Posada la Pastora - La posada de Valencia.\" \/>\n<meta property=\"og:description\" content=\"Posada la Pastora - La posada de Valencia. es una hermosa casona celosamente conservada, ubicada en el casco hist\u00f3rico de Valencia, estado Carabobo, Venezuela; con vista al cerro El Calvario. De f\u00e1cil acceso, cerca de importantes centros m\u00e9dicos de la ciudad, registros, notar\u00edas, as\u00ed como de sitios financieros, culturales y de esparcimiento.Bajo el celo de Marco Gretter, alma de esta propuesta tur\u00edstica-cultural, ha sido posible la preservaci\u00f3n de esta casa colonial con m\u00e1s de 200 a\u00f1os de construida. Sus c\u00e1lidos colores, su piso tipo mosaico, puertas y ventanas internas, muebles, obras de arte y abundante vegetaci\u00f3n brindan al visitante la agradable sensaci\u00f3n de estar en aquella \u00e9poca. %\" \/>\n<meta property=\"og:url\" content=\"https:\/\/www.posadalapastora.com\/sitio\/tarifas\/\" \/>\n<meta property=\"og:site_name\" content=\"Posada la Pastora - La posada de Valencia.\" \/>\n<meta property=\"article:modified_time\" content=\"2025-01-27T13:49:38+00:00\" \/>\n<meta name=\"twitter:card\" content=\"summary_large_image\" \/>\n<meta name=\"twitter:label1\" content=\"Tiempo de lectura\" \/>\n\t<meta name=\"twitter:data1\" content=\"2 minutos\" \/>\n<script type=\"application\/ld+json\" class=\"yoast-schema-graph\">{\"@context\":\"https:\\\/\\\/schema.org\",\"@graph\":[{\"@type\":\"WebPage\",\"@id\":\"https:\\\/\\\/www.posadalapastora.com\\\/sitio\\\/tarifas\\\/\",\"url\":\"https:\\\/\\\/www.posadalapastora.com\\\/sitio\\\/tarifas\\\/\",\"name\":\"Tarifas &#8902; Posada la Pastora - La posada de Valencia.\",\"isPartOf\":{\"@id\":\"https:\\\/\\\/www.posadalapastora.com\\\/sitio\\\/#website\"},\"datePublished\":\"2021-05-08T22:47:01+00:00\",\"dateModified\":\"2025-01-27T13:49:38+00:00\",\"description\":\"Posada la Pastora - La posada de Valencia. es una hermosa casona celosamente conservada, ubicada en el casco hist\u00f3rico de Valencia, estado Carabobo, Venezuela; con vista al cerro El Calvario. De f\u00e1cil acceso, cerca de importantes centros m\u00e9dicos de la ciudad, registros, notar\u00edas, as\u00ed como de sitios financieros, culturales y de esparcimiento.Bajo el celo de Marco Gretter, alma de esta propuesta tur\u00edstica-cultural, ha sido posible la preservaci\u00f3n de esta casa colonial con m\u00e1s de 200 a\u00f1os de construida. Sus c\u00e1lidos colores, su piso tipo mosaico, puertas y ventanas internas, muebles, obras de arte y abundante vegetaci\u00f3n brindan al visitante la agradable sensaci\u00f3n de estar en aquella \u00e9poca. %\",\"breadcrumb\":{\"@id\":\"https:\\\/\\\/www.posadalapastora.com\\\/sitio\\\/tarifas\\\/#breadcrumb\"},\"inLanguage\":\"es\",\"potentialAction\":[{\"@type\":\"ReadAction\",\"target\":[\"https:\\\/\\\/www.posadalapastora.com\\\/sitio\\\/tarifas\\\/\"]}]},{\"@type\":\"BreadcrumbList\",\"@id\":\"https:\\\/\\\/www.posadalapastora.com\\\/sitio\\\/tarifas\\\/#breadcrumb\",\"itemListElement\":[{\"@type\":\"ListItem\",\"position\":1,\"name\":\"Portada\",\"item\":\"https:\\\/\\\/www.posadalapastora.com\\\/sitio\\\/\"},{\"@type\":\"ListItem\",\"position\":2,\"name\":\"Tarifas\"}]},{\"@type\":\"WebSite\",\"@id\":\"https:\\\/\\\/www.posadalapastora.com\\\/sitio\\\/#website\",\"url\":\"https:\\\/\\\/www.posadalapastora.com\\\/sitio\\\/\",\"name\":\"Posada la Pastora - La posada de Valencia.\",\"description\":\"Posada La Pastora es una hermosa casona celosamente conservada, ubicada en el casco hist\u00f3rico de Valencia, estado Carabobo, Venezuela; con vista al cerro El Calvario.\",\"publisher\":{\"@id\":\"https:\\\/\\\/www.posadalapastora.com\\\/sitio\\\/#organization\"},\"potentialAction\":[{\"@type\":\"SearchAction\",\"target\":{\"@type\":\"EntryPoint\",\"urlTemplate\":\"https:\\\/\\\/www.posadalapastora.com\\\/sitio\\\/?s={search_term_string}\"},\"query-input\":{\"@type\":\"PropertyValueSpecification\",\"valueRequired\":true,\"valueName\":\"search_term_string\"}}],\"inLanguage\":\"es\"},{\"@type\":\"Organization\",\"@id\":\"https:\\\/\\\/www.posadalapastora.com\\\/sitio\\\/#organization\",\"name\":\"Posada La Pastora\",\"url\":\"https:\\\/\\\/www.posadalapastora.com\\\/sitio\\\/\",\"logo\":{\"@type\":\"ImageObject\",\"inLanguage\":\"es\",\"@id\":\"https:\\\/\\\/www.posadalapastora.com\\\/sitio\\\/#\\\/schema\\\/logo\\\/image\\\/\",\"url\":\"https:\\\/\\\/www.posadalapastora.com\\\/sitio\\\/wp-content\\\/uploads\\\/2021\\\/07\\\/LOGO-POSADA-LA-PASTORA-.png\",\"contentUrl\":\"https:\\\/\\\/www.posadalapastora.com\\\/sitio\\\/wp-content\\\/uploads\\\/2021\\\/07\\\/LOGO-POSADA-LA-PASTORA-.png\",\"width\":2810,\"height\":754,\"caption\":\"Posada La Pastora\"},\"image\":{\"@id\":\"https:\\\/\\\/www.posadalapastora.com\\\/sitio\\\/#\\\/schema\\\/logo\\\/image\\\/\"}}]}<\/script>\n<!-- \/ Yoast SEO plugin. -->","yoast_head_json":{"title":"Tarifas &#8902; Posada la Pastora - La posada de Valencia.","description":"Posada la Pastora - La posada de Valencia. es una hermosa casona celosamente conservada, ubicada en el casco hist\u00f3rico de Valencia, estado Carabobo, Venezuela; con vista al cerro El Calvario. De f\u00e1cil acceso, cerca de importantes centros m\u00e9dicos de la ciudad, registros, notar\u00edas, as\u00ed como de sitios financieros, culturales y de esparcimiento.Bajo el celo de Marco Gretter, alma de esta propuesta tur\u00edstica-cultural, ha sido posible la preservaci\u00f3n de esta casa colonial con m\u00e1s de 200 a\u00f1os de construida. Sus c\u00e1lidos colores, su piso tipo mosaico, puertas y ventanas internas, muebles, obras de arte y abundante vegetaci\u00f3n brindan al visitante la agradable sensaci\u00f3n de estar en aquella \u00e9poca. %","robots":{"index":"index","follow":"follow","max-snippet":"max-snippet:-1","max-image-preview":"max-image-preview:large","max-video-preview":"max-video-preview:-1"},"canonical":"https:\/\/www.posadalapastora.com\/sitio\/tarifas\/","og_locale":"es_ES","og_type":"article","og_title":"Tarifas &#8902; Posada la Pastora - La posada de Valencia.","og_description":"Posada la Pastora - La posada de Valencia. es una hermosa casona celosamente conservada, ubicada en el casco hist\u00f3rico de Valencia, estado Carabobo, Venezuela; con vista al cerro El Calvario. De f\u00e1cil acceso, cerca de importantes centros m\u00e9dicos de la ciudad, registros, notar\u00edas, as\u00ed como de sitios financieros, culturales y de esparcimiento.Bajo el celo de Marco Gretter, alma de esta propuesta tur\u00edstica-cultural, ha sido posible la preservaci\u00f3n de esta casa colonial con m\u00e1s de 200 a\u00f1os de construida. Sus c\u00e1lidos colores, su piso tipo mosaico, puertas y ventanas internas, muebles, obras de arte y abundante vegetaci\u00f3n brindan al visitante la agradable sensaci\u00f3n de estar en aquella \u00e9poca. %","og_url":"https:\/\/www.posadalapastora.com\/sitio\/tarifas\/","og_site_name":"Posada la Pastora - La posada de Valencia.","article_modified_time":"2025-01-27T13:49:38+00:00","twitter_card":"summary_large_image","twitter_misc":{"Tiempo de lectura":"2 minutos"},"schema":{"@context":"https:\/\/schema.org","@graph":[{"@type":"WebPage","@id":"https:\/\/www.posadalapastora.com\/sitio\/tarifas\/","url":"https:\/\/www.posadalapastora.com\/sitio\/tarifas\/","name":"Tarifas &#8902; Posada la Pastora - La posada de Valencia.","isPartOf":{"@id":"https:\/\/www.posadalapastora.com\/sitio\/#website"},"datePublished":"2021-05-08T22:47:01+00:00","dateModified":"2025-01-27T13:49:38+00:00","description":"Posada la Pastora - La posada de Valencia. es una hermosa casona celosamente conservada, ubicada en el casco hist\u00f3rico de Valencia, estado Carabobo, Venezuela; con vista al cerro El Calvario. De f\u00e1cil acceso, cerca de importantes centros m\u00e9dicos de la ciudad, registros, notar\u00edas, as\u00ed como de sitios financieros, culturales y de esparcimiento.Bajo el celo de Marco Gretter, alma de esta propuesta tur\u00edstica-cultural, ha sido posible la preservaci\u00f3n de esta casa colonial con m\u00e1s de 200 a\u00f1os de construida. Sus c\u00e1lidos colores, su piso tipo mosaico, puertas y ventanas internas, muebles, obras de arte y abundante vegetaci\u00f3n brindan al visitante la agradable sensaci\u00f3n de estar en aquella \u00e9poca. %","breadcrumb":{"@id":"https:\/\/www.posadalapastora.com\/sitio\/tarifas\/#breadcrumb"},"inLanguage":"es","potentialAction":[{"@type":"ReadAction","target":["https:\/\/www.posadalapastora.com\/sitio\/tarifas\/"]}]},{"@type":"BreadcrumbList","@id":"https:\/\/www.posadalapastora.com\/sitio\/tarifas\/#breadcrumb","itemListElement":[{"@type":"ListItem","position":1,"name":"Portada","item":"https:\/\/www.posadalapastora.com\/sitio\/"},{"@type":"ListItem","position":2,"name":"Tarifas"}]},{"@type":"WebSite","@id":"https:\/\/www.posadalapastora.com\/sitio\/#website","url":"https:\/\/www.posadalapastora.com\/sitio\/","name":"Posada la Pastora - La posada de Valencia.","description":"Posada La Pastora es una hermosa casona celosamente conservada, ubicada en el casco hist\u00f3rico de Valencia, estado Carabobo, Venezuela; con vista al cerro El Calvario.","publisher":{"@id":"https:\/\/www.posadalapastora.com\/sitio\/#organization"},"potentialAction":[{"@type":"SearchAction","target":{"@type":"EntryPoint","urlTemplate":"https:\/\/www.posadalapastora.com\/sitio\/?s={search_term_string}"},"query-input":{"@type":"PropertyValueSpecification","valueRequired":true,"valueName":"search_term_string"}}],"inLanguage":"es"},{"@type":"Organization","@id":"https:\/\/www.posadalapastora.com\/sitio\/#organization","name":"Posada La Pastora","url":"https:\/\/www.posadalapastora.com\/sitio\/","logo":{"@type":"ImageObject","inLanguage":"es","@id":"https:\/\/www.posadalapastora.com\/sitio\/#\/schema\/logo\/image\/","url":"https:\/\/www.posadalapastora.com\/sitio\/wp-content\/uploads\/2021\/07\/LOGO-POSADA-LA-PASTORA-.png","contentUrl":"https:\/\/www.posadalapastora.com\/sitio\/wp-content\/uploads\/2021\/07\/LOGO-POSADA-LA-PASTORA-.png","width":2810,"height":754,"caption":"Posada La Pastora"},"image":{"@id":"https:\/\/www.posadalapastora.com\/sitio\/#\/schema\/logo\/image\/"}}]}},"_links":{"self":[{"href":"https:\/\/www.posadalapastora.com\/sitio\/wp-json\/wp\/v2\/pages\/29","targetHints":{"allow":["GET"]}}],"collection":[{"href":"https:\/\/www.posadalapastora.com\/sitio\/wp-json\/wp\/v2\/pages"}],"about":[{"href":"https:\/\/www.posadalapastora.com\/sitio\/wp-json\/wp\/v2\/types\/page"}],"author":[{"embeddable":true,"href":"https:\/\/www.posadalapastora.com\/sitio\/wp-json\/wp\/v2\/users\/1"}],"replies":[{"embeddable":true,"href":"https:\/\/www.posadalapastora.com\/sitio\/wp-json\/wp\/v2\/comments?post=29"}],"version-history":[{"count":32,"href":"https:\/\/www.posadalapastora.com\/sitio\/wp-json\/wp\/v2\/pages\/29\/revisions"}],"predecessor-version":[{"id":436,"href":"https:\/\/www.posadalapastora.com\/sitio\/wp-json\/wp\/v2\/pages\/29\/revisions\/436"}],"wp:attachment":[{"href":"https:\/\/www.posadalapastora.com\/sitio\/wp-json\/wp\/v2\/media?parent=29"}],"curies":[{"name":"wp","href":"https:\/\/api.w.org\/{rel}","templated":true}]}}