{"id":27,"date":"2021-05-08T22:46:19","date_gmt":"2021-05-08T22:46:19","guid":{"rendered":"https:\/\/www.posadalapastora.com\/sitio\/?page_id=27"},"modified":"2025-01-27T13:20:21","modified_gmt":"2025-01-27T13:20:21","slug":"servicios","status":"publish","type":"page","link":"https:\/\/www.posadalapastora.com\/sitio\/servicios\/","title":{"rendered":"Servicios"},"content":{"rendered":"<p>[et_pb_section fb_built=\u00bb1&#8243; _builder_version=\u00bb4.16&#8243; _module_preset=\u00bbdefault\u00bb global_colors_info=\u00bb{}\u00bb][et_pb_row column_structure=\u00bb3_5,2_5&#8243; _builder_version=\u00bb4.16&#8243; _module_preset=\u00bbdefault\u00bb custom_padding=\u00bb||3px|||\u00bb global_colors_info=\u00bb{}\u00bb][et_pb_column type=\u00bb3_5&#8243; _builder_version=\u00bb4.16&#8243; _module_preset=\u00bbdefault\u00bb global_colors_info=\u00bb{}\u00bb][et_pb_text _builder_version=\u00bb4.24.2&#8243; _module_preset=\u00bbdefault\u00bb hover_enabled=\u00bb0&#8243; text_text_shadow_style=\u00bbpreset1&#8243; global_colors_info=\u00bb{}\u00bb sticky_enabled=\u00bb0&#8243;]<\/p>\n<h3 style=\"text-align: justify;\"><em><b>Caf\u00e9 La Pastora:<\/b><\/em><span style=\"font-weight: 400;\"> <\/span><\/h3>\n<p style=\"text-align: justify;\"><span style=\"font-weight: 400;\">En nuestro segundo patio se ubica un c\u00e1lido y familiar restaurante para que nuestros huespedes disfruten nuestros exquisitos platos de la gastronom\u00eda\u00a0 venezolana, rodeados de una acogedora atm\u00f3sfera, fresca, con hermosas plantas y frondosos \u00e1rboles.<\/span><\/p>\n<p>&nbsp;<\/p>\n<p>[\/et_pb_text][\/et_pb_column][et_pb_column type=\u00bb2_5&#8243; _builder_version=\u00bb4.16&#8243; _module_preset=\u00bbdefault\u00bb global_colors_info=\u00bb{}\u00bb][et_pb_image src=\u00bbhttps:\/\/www.posadalapastora.com\/sitio\/wp-content\/uploads\/2021\/08\/TarjetaCumpleanos-Sencilla-en-Rojo-y-Amarillo-para-Novio-Cumpleanos-Tarjeta-12.png\u00bb title_text=\u00bbTarjetaCumplea\u00f1os Sencilla en Rojo y Amarillo para Novio Cumplea\u00f1os Tarjeta (12)\u00bb _builder_version=\u00bb4.16&#8243; _module_preset=\u00bbdefault\u00bb global_colors_info=\u00bb{}\u00bb][\/et_pb_image][\/et_pb_column][\/et_pb_row][et_pb_row _builder_version=\u00bb4.16&#8243; _module_preset=\u00bbdefault\u00bb global_colors_info=\u00bb{}\u00bb][et_pb_column type=\u00bb4_4&#8243; _builder_version=\u00bb4.16&#8243; _module_preset=\u00bbdefault\u00bb global_colors_info=\u00bb{}\u00bb][et_pb_button button_url=\u00bbhttps:\/\/wa.me\/message\/64FTBF7NYTOMA1&#8243; url_new_window=\u00bbon\u00bb button_text=\u00bbMen\u00fa y Reservaciones\u00bb button_alignment=\u00bbcenter\u00bb _builder_version=\u00bb4.16&#8243; _module_preset=\u00bbdefault\u00bb background_layout=\u00bbdark\u00bb global_colors_info=\u00bb{}\u00bb][\/et_pb_button][\/et_pb_column][\/et_pb_row][\/et_pb_section][et_pb_section fb_built=\u00bb1&#8243; _builder_version=\u00bb4.16&#8243; _module_preset=\u00bbdefault\u00bb global_colors_info=\u00bb{}\u00bb][et_pb_row column_structure=\u00bb1_4,1_4,1_4,1_4&#8243; _builder_version=\u00bb4.16&#8243; _module_preset=\u00bbdefault\u00bb custom_margin=\u00bb-78px|auto||auto||\u00bb global_colors_info=\u00bb{}\u00bb][et_pb_column type=\u00bb1_4&#8243; _builder_version=\u00bb4.16&#8243; _module_preset=\u00bbdefault\u00bb global_colors_info=\u00bb{}\u00bb][et_pb_image src=\u00bbhttps:\/\/www.posadalapastora.com\/sitio\/wp-content\/uploads\/2021\/07\/Diseno-sin-titulo-12.png\u00bb title_text=\u00bbDise\u00f1o sin t\u00edtulo (12)\u00bb _builder_version=\u00bb4.16&#8243; _module_preset=\u00bbdefault\u00bb global_colors_info=\u00bb{}\u00bb][\/et_pb_image][\/et_pb_column][et_pb_column type=\u00bb1_4&#8243; _builder_version=\u00bb4.16&#8243; _module_preset=\u00bbdefault\u00bb global_colors_info=\u00bb{}\u00bb][et_pb_image src=\u00bbhttps:\/\/www.posadalapastora.com\/sitio\/wp-content\/uploads\/2021\/07\/Diseno-sin-titulo-8-1.png\u00bb title_text=\u00bbDise\u00f1o sin t\u00edtulo (8)\u00bb _builder_version=\u00bb4.16&#8243; _module_preset=\u00bbdefault\u00bb global_colors_info=\u00bb{}\u00bb][\/et_pb_image][\/et_pb_column][et_pb_column type=\u00bb1_4&#8243; _builder_version=\u00bb4.16&#8243; _module_preset=\u00bbdefault\u00bb global_colors_info=\u00bb{}\u00bb][et_pb_image src=\u00bbhttps:\/\/www.posadalapastora.com\/sitio\/wp-content\/uploads\/2021\/08\/Diseno-sin-titulo-20.png\u00bb title_text=\u00bbDise\u00f1o sin t\u00edtulo (20)\u00bb _builder_version=\u00bb4.16&#8243; _module_preset=\u00bbdefault\u00bb global_colors_info=\u00bb{}\u00bb][\/et_pb_image][\/et_pb_column][et_pb_column type=\u00bb1_4&#8243; _builder_version=\u00bb4.16&#8243; _module_preset=\u00bbdefault\u00bb global_colors_info=\u00bb{}\u00bb][et_pb_image src=\u00bbhttps:\/\/www.posadalapastora.com\/sitio\/wp-content\/uploads\/2021\/08\/Diseno-sin-titulo-19.png\u00bb title_text=\u00bbDise\u00f1o sin t\u00edtulo (19)\u00bb _builder_version=\u00bb4.16&#8243; _module_preset=\u00bbdefault\u00bb global_colors_info=\u00bb{}\u00bb][\/et_pb_image][\/et_pb_column][\/et_pb_row][\/et_pb_section][et_pb_section fb_built=\u00bb1&#8243; specialty=\u00bbon\u00bb _builder_version=\u00bb4.16&#8243; _module_preset=\u00bbdefault\u00bb custom_padding=\u00bb||0px|||\u00bb global_colors_info=\u00bb{}\u00bb][et_pb_column type=\u00bb1_2&#8243; _builder_version=\u00bb4.16&#8243; custom_padding=\u00bb|||\u00bb global_colors_info=\u00bb{}\u00bb custom_padding__hover=\u00bb|||\u00bb][et_pb_text _builder_version=\u00bb4.16&#8243; _module_preset=\u00bbdefault\u00bb text_text_shadow_style=\u00bbpreset1&#8243; global_colors_info=\u00bb{}\u00bb]<\/p>\n<h3 style=\"text-align: justify;\"><strong><em>Eventos<\/em><\/strong>:<\/h3>\n<p style=\"text-align: justify;\">Posada La Pastora es esa acertada locaci\u00f3n que garantiza el \u00e9xito de cualquier evento, bien sea social, corporativo o cultural. Su ubicaci\u00f3n, capacidad, estacionamiento, servicios y ambiente suman para que su celebraci\u00f3n sea inolvidable.<\/p>\n<p style=\"text-align: justify;\">Posada La Pastora ha sido escenario de ensue\u00f1o para acontecimientos tan importantes como bodas, bautizos, cumplea\u00f1os, petici\u00f3n de mano, exposiciones, desfiles de moda, lanzamientos de productos y transmisiones online. Nuestros pasillos, puertas, ventanas y habitaciones hacen el sitio perfecto, que queda para siempre en la memoria de los agradecidos asistentes y plasmado en fotograf\u00edas propias de portadas de revistas.<\/p>\n<p>[\/et_pb_text][et_pb_button button_url=\u00bbhttps:\/\/wa.me\/message\/64FTBF7NYTOMA1&#8243; url_new_window=\u00bbon\u00bb button_text=\u00bbM\u00e1s informaci\u00f3n\u00bb button_alignment=\u00bbcenter\u00bb _builder_version=\u00bb4.16&#8243; _module_preset=\u00bbdefault\u00bb background_layout=\u00bbdark\u00bb global_colors_info=\u00bb{}\u00bb][\/et_pb_button][\/et_pb_column][et_pb_column type=\u00bb1_2&#8243; specialty_columns=\u00bb2&#8243; _builder_version=\u00bb4.16&#8243; custom_padding=\u00bb|||\u00bb global_colors_info=\u00bb{}\u00bb custom_padding__hover=\u00bb|||\u00bb][et_pb_row_inner _builder_version=\u00bb4.16&#8243; _module_preset=\u00bbdefault\u00bb global_colors_info=\u00bb{}\u00bb][et_pb_column_inner saved_specialty_column_type=\u00bb1_2&#8243; _builder_version=\u00bb4.16&#8243; _module_preset=\u00bbdefault\u00bb global_colors_info=\u00bb{}\u00bb][et_pb_image src=\u00bbhttps:\/\/www.posadalapastora.com\/sitio\/wp-content\/uploads\/2021\/07\/TarjetaCumpleanos-Sencilla-en-Rojo-y-Amarillo-para-Novio-Cumpleanos-Tarjeta-10.png\u00bb title_text=\u00bbTarjetaCumplea\u00f1os Sencilla en Rojo y Amarillo para Novio Cumplea\u00f1os Tarjeta (10)\u00bb _builder_version=\u00bb4.16&#8243; _module_preset=\u00bbdefault\u00bb global_colors_info=\u00bb{}\u00bb][\/et_pb_image][\/et_pb_column_inner][\/et_pb_row_inner][\/et_pb_column][\/et_pb_section][et_pb_section fb_built=\u00bb1&#8243; _builder_version=\u00bb4.16&#8243; _module_preset=\u00bbdefault\u00bb global_colors_info=\u00bb{}\u00bb][et_pb_row column_structure=\u00bb1_5,1_5,1_5,1_5,1_5&#8243; _builder_version=\u00bb4.16&#8243; _module_preset=\u00bbdefault\u00bb custom_margin=\u00bb-78px|auto||auto||\u00bb global_colors_info=\u00bb{}\u00bb][et_pb_column type=\u00bb1_5&#8243; _builder_version=\u00bb4.16&#8243; _module_preset=\u00bbdefault\u00bb global_colors_info=\u00bb{}\u00bb][et_pb_image src=\u00bbhttps:\/\/www.posadalapastora.com\/sitio\/wp-content\/uploads\/2021\/07\/Diseno-sin-titulo-16.png\u00bb title_text=\u00bbDise\u00f1o sin t\u00edtulo (16)\u00bb _builder_version=\u00bb4.16&#8243; _module_preset=\u00bbdefault\u00bb global_colors_info=\u00bb{}\u00bb][\/et_pb_image][\/et_pb_column][et_pb_column type=\u00bb1_5&#8243; _builder_version=\u00bb4.16&#8243; _module_preset=\u00bbdefault\u00bb global_colors_info=\u00bb{}\u00bb][et_pb_image src=\u00bbhttps:\/\/www.posadalapastora.com\/sitio\/wp-content\/uploads\/2021\/07\/Diseno-sin-titulo-17.png\u00bb title_text=\u00bbDise\u00f1o sin t\u00edtulo (17)\u00bb _builder_version=\u00bb4.16&#8243; _module_preset=\u00bbdefault\u00bb global_colors_info=\u00bb{}\u00bb][\/et_pb_image][\/et_pb_column][et_pb_column type=\u00bb1_5&#8243; _builder_version=\u00bb4.16&#8243; _module_preset=\u00bbdefault\u00bb global_colors_info=\u00bb{}\u00bb][et_pb_image src=\u00bbhttps:\/\/www.posadalapastora.com\/sitio\/wp-content\/uploads\/2021\/07\/Diseno-sin-titulo-2.png\u00bb title_text=\u00bbDise\u00f1o sin t\u00edtulo (2)\u00bb _builder_version=\u00bb4.16&#8243; _module_preset=\u00bbdefault\u00bb global_colors_info=\u00bb{}\u00bb][\/et_pb_image][\/et_pb_column][et_pb_column type=\u00bb1_5&#8243; _builder_version=\u00bb4.16&#8243; _module_preset=\u00bbdefault\u00bb global_colors_info=\u00bb{}\u00bb][et_pb_image src=\u00bbhttps:\/\/www.posadalapastora.com\/sitio\/wp-content\/uploads\/2021\/07\/Diseno-sin-titulo-15.png\u00bb title_text=\u00bbDise\u00f1o sin t\u00edtulo (15)\u00bb _builder_version=\u00bb4.16&#8243; _module_preset=\u00bbdefault\u00bb global_colors_info=\u00bb{}\u00bb][\/et_pb_image][\/et_pb_column][et_pb_column type=\u00bb1_5&#8243; _builder_version=\u00bb4.16&#8243; _module_preset=\u00bbdefault\u00bb global_colors_info=\u00bb{}\u00bb][et_pb_image src=\u00bbhttps:\/\/www.posadalapastora.com\/sitio\/wp-content\/uploads\/2021\/07\/Diseno-sin-titulo-18.png\u00bb title_text=\u00bbDise\u00f1o sin t\u00edtulo (18)\u00bb _builder_version=\u00bb4.16&#8243; _module_preset=\u00bbdefault\u00bb global_colors_info=\u00bb{}\u00bb][\/et_pb_image][\/et_pb_column][\/et_pb_row][\/et_pb_section]<\/p>\n","protected":false},"excerpt":{"rendered":"<p>Caf\u00e9 La Pastora: En nuestro segundo patio se ubica un c\u00e1lido y familiar restaurante para que nuestros huespedes disfruten nuestros exquisitos platos de la gastronom\u00eda\u00a0 venezolana, rodeados de una acogedora atm\u00f3sfera, fresca, con hermosas plantas y frondosos \u00e1rboles. &nbsp;Eventos: Posada La Pastora es esa acertada locaci\u00f3n que garantiza el \u00e9xito de cualquier evento, bien sea [&hellip;]<\/p>\n","protected":false},"author":1,"featured_media":0,"parent":0,"menu_order":0,"comment_status":"closed","ping_status":"closed","template":"","meta":{"_et_pb_use_builder":"on","_et_pb_old_content":"<!-- wp:divi\/placeholder \/-->","_et_gb_content_width":"","_joinchat":[],"footnotes":""},"class_list":["post-27","page","type-page","status-publish","hentry"],"yoast_head":"<!-- This site is optimized with the Yoast SEO plugin v27.5 - https:\/\/yoast.com\/product\/yoast-seo-wordpress\/ -->\n<title>Servicios &#8902; Posada la Pastora - La posada de Valencia.<\/title>\n<meta name=\"description\" content=\"Posada la Pastora - La posada de Valencia. es una hermosa casona celosamente conservada, ubicada en el casco hist\u00f3rico de Valencia, estado Carabobo, Venezuela; con vista al cerro El Calvario. De f\u00e1cil acceso, cerca de importantes centros m\u00e9dicos de la ciudad, registros, notar\u00edas, as\u00ed como de sitios financieros, culturales y de esparcimiento.Bajo el celo de Marco Gretter, alma de esta propuesta tur\u00edstica-cultural, ha sido posible la preservaci\u00f3n de esta casa colonial con m\u00e1s de 200 a\u00f1os de construida. %\" \/>\n<meta name=\"robots\" content=\"index, follow, max-snippet:-1, max-image-preview:large, max-video-preview:-1\" \/>\n<link rel=\"canonical\" href=\"https:\/\/www.posadalapastora.com\/sitio\/servicios\/\" \/>\n<meta property=\"og:locale\" content=\"es_ES\" \/>\n<meta property=\"og:type\" content=\"article\" \/>\n<meta property=\"og:title\" content=\"Servicios &#8902; Posada la Pastora - La posada de Valencia.\" \/>\n<meta property=\"og:description\" content=\"Posada la Pastora - La posada de Valencia. es una hermosa casona celosamente conservada, ubicada en el casco hist\u00f3rico de Valencia, estado Carabobo, Venezuela; con vista al cerro El Calvario. De f\u00e1cil acceso, cerca de importantes centros m\u00e9dicos de la ciudad, registros, notar\u00edas, as\u00ed como de sitios financieros, culturales y de esparcimiento.Bajo el celo de Marco Gretter, alma de esta propuesta tur\u00edstica-cultural, ha sido posible la preservaci\u00f3n de esta casa colonial con m\u00e1s de 200 a\u00f1os de construida. %\" \/>\n<meta property=\"og:url\" content=\"https:\/\/www.posadalapastora.com\/sitio\/servicios\/\" \/>\n<meta property=\"og:site_name\" content=\"Posada la Pastora - La posada de Valencia.\" \/>\n<meta property=\"article:modified_time\" content=\"2025-01-27T13:20:21+00:00\" \/>\n<meta name=\"twitter:card\" content=\"summary_large_image\" \/>\n<meta name=\"twitter:label1\" content=\"Tiempo de lectura\" \/>\n\t<meta name=\"twitter:data1\" content=\"2 minutos\" \/>\n<script type=\"application\/ld+json\" class=\"yoast-schema-graph\">{\"@context\":\"https:\\\/\\\/schema.org\",\"@graph\":[{\"@type\":\"WebPage\",\"@id\":\"https:\\\/\\\/www.posadalapastora.com\\\/sitio\\\/servicios\\\/\",\"url\":\"https:\\\/\\\/www.posadalapastora.com\\\/sitio\\\/servicios\\\/\",\"name\":\"Servicios &#8902; Posada la Pastora - La posada de Valencia.\",\"isPartOf\":{\"@id\":\"https:\\\/\\\/www.posadalapastora.com\\\/sitio\\\/#website\"},\"datePublished\":\"2021-05-08T22:46:19+00:00\",\"dateModified\":\"2025-01-27T13:20:21+00:00\",\"description\":\"Posada la Pastora - La posada de Valencia. es una hermosa casona celosamente conservada, ubicada en el casco hist\u00f3rico de Valencia, estado Carabobo, Venezuela; con vista al cerro El Calvario. De f\u00e1cil acceso, cerca de importantes centros m\u00e9dicos de la ciudad, registros, notar\u00edas, as\u00ed como de sitios financieros, culturales y de esparcimiento.Bajo el celo de Marco Gretter, alma de esta propuesta tur\u00edstica-cultural, ha sido posible la preservaci\u00f3n de esta casa colonial con m\u00e1s de 200 a\u00f1os de construida. %\",\"breadcrumb\":{\"@id\":\"https:\\\/\\\/www.posadalapastora.com\\\/sitio\\\/servicios\\\/#breadcrumb\"},\"inLanguage\":\"es\",\"potentialAction\":[{\"@type\":\"ReadAction\",\"target\":[\"https:\\\/\\\/www.posadalapastora.com\\\/sitio\\\/servicios\\\/\"]}]},{\"@type\":\"BreadcrumbList\",\"@id\":\"https:\\\/\\\/www.posadalapastora.com\\\/sitio\\\/servicios\\\/#breadcrumb\",\"itemListElement\":[{\"@type\":\"ListItem\",\"position\":1,\"name\":\"Portada\",\"item\":\"https:\\\/\\\/www.posadalapastora.com\\\/sitio\\\/\"},{\"@type\":\"ListItem\",\"position\":2,\"name\":\"Servicios\"}]},{\"@type\":\"WebSite\",\"@id\":\"https:\\\/\\\/www.posadalapastora.com\\\/sitio\\\/#website\",\"url\":\"https:\\\/\\\/www.posadalapastora.com\\\/sitio\\\/\",\"name\":\"Posada la Pastora - La posada de Valencia.\",\"description\":\"Posada La Pastora es una hermosa casona celosamente conservada, ubicada en el casco hist\u00f3rico de Valencia, estado Carabobo, Venezuela; con vista al cerro El Calvario.\",\"publisher\":{\"@id\":\"https:\\\/\\\/www.posadalapastora.com\\\/sitio\\\/#organization\"},\"potentialAction\":[{\"@type\":\"SearchAction\",\"target\":{\"@type\":\"EntryPoint\",\"urlTemplate\":\"https:\\\/\\\/www.posadalapastora.com\\\/sitio\\\/?s={search_term_string}\"},\"query-input\":{\"@type\":\"PropertyValueSpecification\",\"valueRequired\":true,\"valueName\":\"search_term_string\"}}],\"inLanguage\":\"es\"},{\"@type\":\"Organization\",\"@id\":\"https:\\\/\\\/www.posadalapastora.com\\\/sitio\\\/#organization\",\"name\":\"Posada La Pastora\",\"url\":\"https:\\\/\\\/www.posadalapastora.com\\\/sitio\\\/\",\"logo\":{\"@type\":\"ImageObject\",\"inLanguage\":\"es\",\"@id\":\"https:\\\/\\\/www.posadalapastora.com\\\/sitio\\\/#\\\/schema\\\/logo\\\/image\\\/\",\"url\":\"https:\\\/\\\/www.posadalapastora.com\\\/sitio\\\/wp-content\\\/uploads\\\/2021\\\/07\\\/LOGO-POSADA-LA-PASTORA-.png\",\"contentUrl\":\"https:\\\/\\\/www.posadalapastora.com\\\/sitio\\\/wp-content\\\/uploads\\\/2021\\\/07\\\/LOGO-POSADA-LA-PASTORA-.png\",\"width\":2810,\"height\":754,\"caption\":\"Posada La Pastora\"},\"image\":{\"@id\":\"https:\\\/\\\/www.posadalapastora.com\\\/sitio\\\/#\\\/schema\\\/logo\\\/image\\\/\"}}]}<\/script>\n<!-- \/ Yoast SEO plugin. -->","yoast_head_json":{"title":"Servicios &#8902; Posada la Pastora - La posada de Valencia.","description":"Posada la Pastora - La posada de Valencia. es una hermosa casona celosamente conservada, ubicada en el casco hist\u00f3rico de Valencia, estado Carabobo, Venezuela; con vista al cerro El Calvario. De f\u00e1cil acceso, cerca de importantes centros m\u00e9dicos de la ciudad, registros, notar\u00edas, as\u00ed como de sitios financieros, culturales y de esparcimiento.Bajo el celo de Marco Gretter, alma de esta propuesta tur\u00edstica-cultural, ha sido posible la preservaci\u00f3n de esta casa colonial con m\u00e1s de 200 a\u00f1os de construida. %","robots":{"index":"index","follow":"follow","max-snippet":"max-snippet:-1","max-image-preview":"max-image-preview:large","max-video-preview":"max-video-preview:-1"},"canonical":"https:\/\/www.posadalapastora.com\/sitio\/servicios\/","og_locale":"es_ES","og_type":"article","og_title":"Servicios &#8902; Posada la Pastora - La posada de Valencia.","og_description":"Posada la Pastora - La posada de Valencia. es una hermosa casona celosamente conservada, ubicada en el casco hist\u00f3rico de Valencia, estado Carabobo, Venezuela; con vista al cerro El Calvario. De f\u00e1cil acceso, cerca de importantes centros m\u00e9dicos de la ciudad, registros, notar\u00edas, as\u00ed como de sitios financieros, culturales y de esparcimiento.Bajo el celo de Marco Gretter, alma de esta propuesta tur\u00edstica-cultural, ha sido posible la preservaci\u00f3n de esta casa colonial con m\u00e1s de 200 a\u00f1os de construida. %","og_url":"https:\/\/www.posadalapastora.com\/sitio\/servicios\/","og_site_name":"Posada la Pastora - La posada de Valencia.","article_modified_time":"2025-01-27T13:20:21+00:00","twitter_card":"summary_large_image","twitter_misc":{"Tiempo de lectura":"2 minutos"},"schema":{"@context":"https:\/\/schema.org","@graph":[{"@type":"WebPage","@id":"https:\/\/www.posadalapastora.com\/sitio\/servicios\/","url":"https:\/\/www.posadalapastora.com\/sitio\/servicios\/","name":"Servicios &#8902; Posada la Pastora - La posada de Valencia.","isPartOf":{"@id":"https:\/\/www.posadalapastora.com\/sitio\/#website"},"datePublished":"2021-05-08T22:46:19+00:00","dateModified":"2025-01-27T13:20:21+00:00","description":"Posada la Pastora - La posada de Valencia. es una hermosa casona celosamente conservada, ubicada en el casco hist\u00f3rico de Valencia, estado Carabobo, Venezuela; con vista al cerro El Calvario. De f\u00e1cil acceso, cerca de importantes centros m\u00e9dicos de la ciudad, registros, notar\u00edas, as\u00ed como de sitios financieros, culturales y de esparcimiento.Bajo el celo de Marco Gretter, alma de esta propuesta tur\u00edstica-cultural, ha sido posible la preservaci\u00f3n de esta casa colonial con m\u00e1s de 200 a\u00f1os de construida. %","breadcrumb":{"@id":"https:\/\/www.posadalapastora.com\/sitio\/servicios\/#breadcrumb"},"inLanguage":"es","potentialAction":[{"@type":"ReadAction","target":["https:\/\/www.posadalapastora.com\/sitio\/servicios\/"]}]},{"@type":"BreadcrumbList","@id":"https:\/\/www.posadalapastora.com\/sitio\/servicios\/#breadcrumb","itemListElement":[{"@type":"ListItem","position":1,"name":"Portada","item":"https:\/\/www.posadalapastora.com\/sitio\/"},{"@type":"ListItem","position":2,"name":"Servicios"}]},{"@type":"WebSite","@id":"https:\/\/www.posadalapastora.com\/sitio\/#website","url":"https:\/\/www.posadalapastora.com\/sitio\/","name":"Posada la Pastora - La posada de Valencia.","description":"Posada La Pastora es una hermosa casona celosamente conservada, ubicada en el casco hist\u00f3rico de Valencia, estado Carabobo, Venezuela; con vista al cerro El Calvario.","publisher":{"@id":"https:\/\/www.posadalapastora.com\/sitio\/#organization"},"potentialAction":[{"@type":"SearchAction","target":{"@type":"EntryPoint","urlTemplate":"https:\/\/www.posadalapastora.com\/sitio\/?s={search_term_string}"},"query-input":{"@type":"PropertyValueSpecification","valueRequired":true,"valueName":"search_term_string"}}],"inLanguage":"es"},{"@type":"Organization","@id":"https:\/\/www.posadalapastora.com\/sitio\/#organization","name":"Posada La Pastora","url":"https:\/\/www.posadalapastora.com\/sitio\/","logo":{"@type":"ImageObject","inLanguage":"es","@id":"https:\/\/www.posadalapastora.com\/sitio\/#\/schema\/logo\/image\/","url":"https:\/\/www.posadalapastora.com\/sitio\/wp-content\/uploads\/2021\/07\/LOGO-POSADA-LA-PASTORA-.png","contentUrl":"https:\/\/www.posadalapastora.com\/sitio\/wp-content\/uploads\/2021\/07\/LOGO-POSADA-LA-PASTORA-.png","width":2810,"height":754,"caption":"Posada La Pastora"},"image":{"@id":"https:\/\/www.posadalapastora.com\/sitio\/#\/schema\/logo\/image\/"}}]}},"_links":{"self":[{"href":"https:\/\/www.posadalapastora.com\/sitio\/wp-json\/wp\/v2\/pages\/27","targetHints":{"allow":["GET"]}}],"collection":[{"href":"https:\/\/www.posadalapastora.com\/sitio\/wp-json\/wp\/v2\/pages"}],"about":[{"href":"https:\/\/www.posadalapastora.com\/sitio\/wp-json\/wp\/v2\/types\/page"}],"author":[{"embeddable":true,"href":"https:\/\/www.posadalapastora.com\/sitio\/wp-json\/wp\/v2\/users\/1"}],"replies":[{"embeddable":true,"href":"https:\/\/www.posadalapastora.com\/sitio\/wp-json\/wp\/v2\/comments?post=27"}],"version-history":[{"count":14,"href":"https:\/\/www.posadalapastora.com\/sitio\/wp-json\/wp\/v2\/pages\/27\/revisions"}],"predecessor-version":[{"id":425,"href":"https:\/\/www.posadalapastora.com\/sitio\/wp-json\/wp\/v2\/pages\/27\/revisions\/425"}],"wp:attachment":[{"href":"https:\/\/www.posadalapastora.com\/sitio\/wp-json\/wp\/v2\/media?parent=27"}],"curies":[{"name":"wp","href":"https:\/\/api.w.org\/{rel}","templated":true}]}}